{"id":1432,"date":"2018-11-27T17:20:12","date_gmt":"2018-11-27T17:20:12","guid":{"rendered":"https:\/\/www.defensoria.gob.ec\/?post_type=project&#038;p=1432"},"modified":"2018-11-27T17:20:12","modified_gmt":"2018-11-27T17:20:12","slug":"santo-domingo-de-los-tsachilas-reuniones-con-autoridades-y-difusion-de-servicios","status":"publish","type":"project","link":"https:\/\/www.defensoria.gob.ec\/?project=santo-domingo-de-los-tsachilas-reuniones-con-autoridades-y-difusion-de-servicios","title":{"rendered":"Santo Domingo de los Ts\u00e1chilas: reuniones con autoridades y difusi\u00f3n de servicios"},"content":{"rendered":"<p>[et_pb_section bb_built=\u00bb1&#8243;][et_pb_row][et_pb_column type=\u00bb3_4&#8243;][et_pb_post_title _builder_version=\u00bb3.15&#8243; meta=\u00bboff\u00bb featured_image=\u00bboff\u00bb \/][et_pb_text _builder_version=\u00bb3.15&#8243; text_orientation=\u00bbjustified\u00bb]<\/p>\n<p>En Santo\u00a0Domingo\u00a0de los\u00a0Ts\u00e1chilas, el\u00a023 de noviembre, la Defensor\u00eda P\u00fablica estuvo presente en la feria ciudadana \u00abYo Vivo sin Violencia, Mujer Empod\u00e9rate\u00bb, organizada por la Gobernaci\u00f3n provincial, en la que se hizo un reconocimiento a las instituciones participantes.<\/p>\n<p>As\u00ed mismo, el\u00a022 de noviembre,\u00a0el defensor p\u00fablico provincial de Santo\u00a0Domingo\u00a0de los Ts\u00e1chilas, Mauricio Sotal\u00edn, realiz\u00f3 una visita protocolaria al alcalde de Santo\u00a0Domingo, V\u00edctor Quirola, donde se abord\u00f3 el tema de la pr\u00f3xima construcci\u00f3n del edificio de la Defensor\u00eda P\u00fablica, en el terreno donado por la municipalidad local.<\/p>\n<p>Mientras tanto, por invitaci\u00f3n del Consejo Nacional para la Igualdad de Discapacidades (CONADIS), el 21de noviembre particip\u00f3 en la cuarta mesa de Di\u00e1logo Intersectorial de discapacidades del 2018,\u00a0realizada en el sal\u00f3n legislativo de la Prefectura.<\/p>\n<p>De igual amanera, entre el\u00a020 y\u00a023 de noviembre,\u00a0la Defensor\u00eda P\u00fablica fue parte de \u201cLa semana de sociabilizaci\u00f3n por el D\u00eda Internacional de la No Violencia contra las Mujeres\u201d con el tema: Una mirada a las \u201cSe\u00f1ales de Noviazgo violento\u201d, para sensibilizar a estudiantes y padres de familia\u00a0de las diferentes Unidades Educativas Siglo XXI \u201cJoaqu\u00edn Gallegos Lara\u201d de la parroquia Monterrey; Kasama y Julio Moreno Espinosa del cant\u00f3n Santo\u00a0Domingo. En el evento se inform\u00f3 de los delitos de violencia sancionados por el\u00a0C\u00f3digo Org\u00e1nico Integral Penal y la asesor\u00eda legal gratuita que entrega la Defensor\u00eda P\u00fablica.<\/p>\n<p>En la misma tem\u00e1tica, el\u00a023 de noviembre, se realiz\u00f3 el taller\u00a0sobre sensibilizaci\u00f3n contra la Violencia de G\u00e9nero, dirigida a L\u00edderes comunitarios y familias de las personas privadas de la libertad, con el tema:\u00a0\u201cHerramientas para salir de la Violencia\u201d.<\/p>\n<p>De la misma forma, el\u00a016 de noviembre, el defensor p\u00fablico provincial Mauricio Sotal\u00edn,\u00a0dict\u00f3 charlas sobre los beneficios penitenciarios en el Centro de Rehabilitaci\u00f3n Social de \u00abBella Vista\u00bb.<\/p>\n<p>El\u00a015 de noviembre\u00a0la Defensor\u00eda P\u00fablica de Santo\u00a0Domingo\u00a0de los Ts\u00e1chilas particip\u00f3 en la feria ciudadana realizada en la parroquia El Esfuerzo, en la que se difundieron los servicios de asesor\u00eda legal y patrocino gratuito que ofrece la Instituci\u00f3n.<\/p>\n<p>Tambi\u00e9n, el 13\u00a0de noviembre el defensor p\u00fablico provincial, Mauricio Sotal\u00edn, mantuvo una reuni\u00f3n de coordinaci\u00f3n con el Consejo Cantonal para la\u00a0Protecci\u00f3n de Derechos de Santo\u00a0Domingo, sobre casos de violencia intrafamiliar; y, el mismo d\u00eda particip\u00f3 en la reuni\u00f3n del\u00a0Distrito de Educaci\u00f3n, para analizar la aplicaci\u00f3n de procedimientos contra delitos sexuales.<\/p>\n<p>Finalmente, el 09 de noviembre,\u00a0la Defensor\u00eda P\u00fablica de Santo\u00a0Domingo\u00a0de los Ts\u00e1chilas asisti\u00f3 a la feria ciudadana realizada en la parroquia Plan Piloto, en la que socializaron los servicios de la Instituci\u00f3n.<\/p>\n<p>[\/et_pb_text][et_pb_gallery _builder_version=\u00bb3.15&#8243; gallery_ids=\u00bb1433,1434,1435,1436,1437,1438,1439,1440,1441,1442,1443,1444&#8243; posts_number=\u00bb3&#8243; zoom_icon_color=\u00bb#00a3c1&#8243; hover_overlay_color=\u00bbrgba(255,255,255,0.9)\u00bb \/][\/et_pb_column][et_pb_column type=\u00bb1_4&#8243;][et_pb_sidebar _builder_version=\u00bb3.15&#8243; area=\u00bbsidebar-1&#8243; \/][\/et_pb_column][\/et_pb_row][\/et_pb_section]<\/p>\n","protected":false},"excerpt":{"rendered":"<p><div class=\"et_pb_row et_pb_row_0 et_pb_row_empty\">\n\t\t\t\t\n\t\t\t\t\n\t\t\t\t\n\t\t\t\t\n\t\t\t\t\n\t\t\t<\/div> En Santo\u00a0Domingo\u00a0de los\u00a0Ts\u00e1chilas, el\u00a023 de noviembre, la Defensor\u00eda P\u00fablica estuvo presente en la feria ciudadana \u00abYo Vivo sin Violencia, Mujer Empod\u00e9rate\u00bb, organizada por la Gobernaci\u00f3n provincial, en la que [&hellip;]<\/p>\n","protected":false},"author":1,"featured_media":1433,"comment_status":"open","ping_status":"closed","template":"","meta":{"_et_pb_use_builder":"on","_et_pb_old_content":"","_et_gb_content_width":"","footnotes":""},"project_category":[8],"project_tag":[],"class_list":["post-1432","project","type-project","status-publish","has-post-thumbnail","hentry","project_category-cerca-a-ti"],"_links":{"self":[{"href":"https:\/\/www.defensoria.gob.ec\/index.php?rest_route=\/wp\/v2\/project\/1432","targetHints":{"allow":["GET"]}}],"collection":[{"href":"https:\/\/www.defensoria.gob.ec\/index.php?rest_route=\/wp\/v2\/project"}],"about":[{"href":"https:\/\/www.defensoria.gob.ec\/index.php?rest_route=\/wp\/v2\/types\/project"}],"author":[{"embeddable":true,"href":"https:\/\/www.defensoria.gob.ec\/index.php?rest_route=\/wp\/v2\/users\/1"}],"replies":[{"embeddable":true,"href":"https:\/\/www.defensoria.gob.ec\/index.php?rest_route=%2Fwp%2Fv2%2Fcomments&post=1432"}],"version-history":[{"count":0,"href":"https:\/\/www.defensoria.gob.ec\/index.php?rest_route=\/wp\/v2\/project\/1432\/revisions"}],"wp:featuredmedia":[{"embeddable":true,"href":"https:\/\/www.defensoria.gob.ec\/index.php?rest_route=\/wp\/v2\/media\/1433"}],"wp:attachment":[{"href":"https:\/\/www.defensoria.gob.ec\/index.php?rest_route=%2Fwp%2Fv2%2Fmedia&parent=1432"}],"wp:term":[{"taxonomy":"project_category","embeddable":true,"href":"https:\/\/www.defensoria.gob.ec\/index.php?rest_route=%2Fwp%2Fv2%2Fproject_category&post=1432"},{"taxonomy":"project_tag","embeddable":true,"href":"https:\/\/www.defensoria.gob.ec\/index.php?rest_route=%2Fwp%2Fv2%2Fproject_tag&post=1432"}],"curies":[{"name":"wp","href":"https:\/\/api.w.org\/{rel}","templated":true}]}}