{"id":1414,"date":"2018-11-27T17:04:57","date_gmt":"2018-11-27T17:04:57","guid":{"rendered":"https:\/\/www.defensoria.gob.ec\/?post_type=project&#038;p=1414"},"modified":"2018-11-27T17:04:57","modified_gmt":"2018-11-27T17:04:57","slug":"canar-garantiza-el-respeto-y-la-inclusion","status":"publish","type":"project","link":"https:\/\/www.defensoria.gob.ec\/?project=canar-garantiza-el-respeto-y-la-inclusion","title":{"rendered":"Ca\u00f1ar: garantiza el respeto y la inclusi\u00f3n"},"content":{"rendered":"<p>[et_pb_section bb_built=\u00bb1&#8243;][et_pb_row][et_pb_column type=\u00bb3_4&#8243;][et_pb_post_title _builder_version=\u00bb3.15&#8243; meta=\u00bboff\u00bb featured_image=\u00bboff\u00bb \/][et_pb_text _builder_version=\u00bb3.15&#8243; text_orientation=\u00bbjustified\u00bb]<\/p>\n<p>La Defensor\u00eda P\u00fablica del Ca\u00f1ar realiz\u00f3 algunas actividades por los derechos de los grupos de atenci\u00f3n prioritaria. El\u00a0\u00a023\u00a0de noviembre, en el cant\u00f3n El\u00a0Tambo,\u00a0de la\u00a0provincia del Ca\u00f1ar,\u00a0 se\u00a0 desarroll\u00f3\u00a0una reuni\u00f3n de trabajo\u00a0con el Consejo Cantonal de Protecci\u00f3n\u00a0\u00a0Integral. El encuentro tuvo la finalidad\u00a0de socializar la\u00a0agenda\u00a0cantonal para\u00a0la\u00a0igualdad\u00a0de las personas\u00a0y los grupos de atenci\u00f3n prioritaria.\u00a0Participaron\u00a0diferentes\u00a0instituciones\u00a0garantes de\u00a0 los derechos, entre ellas,\u00a0el Consejo\u00a0de la Judicatura.<\/p>\n<p>Por otro lado, el jueves\u00a022 de noviembre,\u00a0en Azogues, representantes y activistas GLBTI\u00a0 mantuvieron una\u00a0 reuni\u00f3n\u00a0con\u00a0el defensor p\u00fablico\u00a0provincial,\u00a0Cristian Verdugo. El motivo fue\u00a0intercambiar\u00a0ideas y planificar acciones\u00a0conjuntas para el respeto de los derechos humanos\u00a0\u00a0y, sobre\u00a0 todo,\u00a0 para\u00a0\u00a0erradicar la violencia de g\u00e9nero.\u00a0Estuvieron presentes Mariasol Mite, directora\u00a0de la\u00a0Casa de las Mu\u00f1ecas (coalici\u00f3n\u00a0de Mujeres Trans del Ecuador)\u00a0 y\u00a0 representantes de la Asociaci\u00f3n\u00a0Silueta Cuenca.<\/p>\n<p>El mismo d\u00eda, en las\u00a0instalaciones de la Defensor\u00eda P\u00fablica del Ca\u00f1ar, el Defensor Provincial realiz\u00f3\u00a0la entrega de las\u00a0autorizaciones de funcionamiento\u00a0a los\u00a0representantes\u00a0de los Consultorios Jur\u00eddicos\u00a0Gratuitos\u00a0de los\u00a0cantones de Azogues, Ca\u00f1ar\u00a0y La\u00a0Troncal. Cristian Verdugo reiter\u00f3 lo manifestado por el Defensor P\u00fablico General, Dr. \u00c1ngel Torres Machuca,\u00a0 sobre el\u00a0 compromiso\u00a0 de\u00a0 fortalecer\u00a0la\u00a0 labor que cumplen los CJG. Se prev\u00e9 emprender un plan de capacitaci\u00f3n\u00a0 y evaluaci\u00f3n\u00a0 permanente para garantizar una defensa de t\u00e9cnica y de calidad.<\/p>\n<p>[\/et_pb_text][et_pb_gallery _builder_version=\u00bb3.15&#8243; gallery_ids=\u00bb1415,1416,1417,1418,1419,1420,1421&#8243; posts_number=\u00bb3&#8243; zoom_icon_color=\u00bb#00a3c1&#8243; hover_overlay_color=\u00bbrgba(255,255,255,0.9)\u00bb \/][\/et_pb_column][et_pb_column type=\u00bb1_4&#8243;][et_pb_sidebar _builder_version=\u00bb3.15&#8243; area=\u00bbsidebar-1&#8243; \/][\/et_pb_column][\/et_pb_row][\/et_pb_section]<\/p>\n","protected":false},"excerpt":{"rendered":"<p><div class=\"et_pb_row et_pb_row_0 et_pb_row_empty\">\n\t\t\t\t\n\t\t\t\t\n\t\t\t\t\n\t\t\t\t\n\t\t\t\t\n\t\t\t<\/div> La Defensor\u00eda P\u00fablica del Ca\u00f1ar realiz\u00f3 algunas actividades por los derechos de los grupos de atenci\u00f3n prioritaria. El\u00a0\u00a023\u00a0de noviembre, en el cant\u00f3n El\u00a0Tambo,\u00a0de la\u00a0provincia del Ca\u00f1ar,\u00a0 se\u00a0 desarroll\u00f3\u00a0una reuni\u00f3n [&hellip;]<\/p>\n","protected":false},"author":1,"featured_media":1415,"comment_status":"open","ping_status":"closed","template":"","meta":{"_et_pb_use_builder":"on","_et_pb_old_content":"","_et_gb_content_width":"","footnotes":""},"project_category":[8],"project_tag":[],"class_list":["post-1414","project","type-project","status-publish","has-post-thumbnail","hentry","project_category-cerca-a-ti"],"_links":{"self":[{"href":"https:\/\/www.defensoria.gob.ec\/index.php?rest_route=\/wp\/v2\/project\/1414","targetHints":{"allow":["GET"]}}],"collection":[{"href":"https:\/\/www.defensoria.gob.ec\/index.php?rest_route=\/wp\/v2\/project"}],"about":[{"href":"https:\/\/www.defensoria.gob.ec\/index.php?rest_route=\/wp\/v2\/types\/project"}],"author":[{"embeddable":true,"href":"https:\/\/www.defensoria.gob.ec\/index.php?rest_route=\/wp\/v2\/users\/1"}],"replies":[{"embeddable":true,"href":"https:\/\/www.defensoria.gob.ec\/index.php?rest_route=%2Fwp%2Fv2%2Fcomments&post=1414"}],"version-history":[{"count":0,"href":"https:\/\/www.defensoria.gob.ec\/index.php?rest_route=\/wp\/v2\/project\/1414\/revisions"}],"wp:featuredmedia":[{"embeddable":true,"href":"https:\/\/www.defensoria.gob.ec\/index.php?rest_route=\/wp\/v2\/media\/1415"}],"wp:attachment":[{"href":"https:\/\/www.defensoria.gob.ec\/index.php?rest_route=%2Fwp%2Fv2%2Fmedia&parent=1414"}],"wp:term":[{"taxonomy":"project_category","embeddable":true,"href":"https:\/\/www.defensoria.gob.ec\/index.php?rest_route=%2Fwp%2Fv2%2Fproject_category&post=1414"},{"taxonomy":"project_tag","embeddable":true,"href":"https:\/\/www.defensoria.gob.ec\/index.php?rest_route=%2Fwp%2Fv2%2Fproject_tag&post=1414"}],"curies":[{"name":"wp","href":"https:\/\/api.w.org\/{rel}","templated":true}]}}