{"id":1386,"date":"2018-11-27T16:08:06","date_gmt":"2018-11-27T16:08:06","guid":{"rendered":"https:\/\/www.defensoria.gob.ec\/?post_type=project&#038;p=1386"},"modified":"2018-11-27T17:24:43","modified_gmt":"2018-11-27T17:24:43","slug":"el-defensor-publico-general-visito-imbabura-y-carchi","status":"publish","type":"project","link":"https:\/\/www.defensoria.gob.ec\/?project=el-defensor-publico-general-visito-imbabura-y-carchi","title":{"rendered":"El Defensor P\u00fablico General visit\u00f3 Imbabura y Carchi"},"content":{"rendered":"<p>[et_pb_section bb_built=\u00bb1&#8243;][et_pb_row][et_pb_column type=\u00bb3_4&#8243;][et_pb_post_title _builder_version=\u00bb3.15&#8243; meta=\u00bboff\u00bb featured_image=\u00bboff\u00bb \/][et_pb_text _builder_version=\u00bb3.15&#8243; text_orientation=\u00bbjustified\u00bb]<\/p>\n<p>El Defensor P\u00fablico General. Dr. \u00c1ngel Torres Machuca, visit\u00f3 los puntos de atenci\u00f3n de las provincias de Imbabura y Carchi, entre el 22 y 23 de noviembre.<\/p>\n<p>El recorrido en Imbabura inici\u00f3 en las oficinas de la Defensor\u00eda P\u00fablica del cant\u00f3n Otavalo, donde constat\u00f3 el servicio que se entrega a la ciudadan\u00eda; luego acudi\u00f3 al punto de atenci\u00f3n que funciona en la Unidad Judicial, ah\u00ed recibi\u00f3 el saludo de los representantes del Consejo de la Judicatura.<\/p>\n<p>Seguidamente, el Dr. Torres Machuca visit\u00f3 la Universidad de Otavalo, recibi\u00f3 de las autoridades un presente, realiz\u00f3 un recorrido por el consultorio jur\u00eddico gratuito acreditado y dialog\u00f3 con los estudiantes que brindan asesor\u00eda legal gratuita.<\/p>\n<p>M\u00e1s adelante, el Defensor P\u00fablico General, arrib\u00f3 al cant\u00f3n Cotacachi, acompa\u00f1ado del defensor p\u00fablico provincial de Imbabura, Carlos Ernesto Espinoza, quienes visitaron el punto de atenci\u00f3n, instalado en la Junta Cantonal de Protecci\u00f3n de Derechos. Adem\u00e1s, el Dr. Torres Machuca se sum\u00f3 a la campa\u00f1a de prevenci\u00f3n y erradicaci\u00f3n de la violencia contra la mujer.<\/p>\n<p>La agenda contin\u00fao en Ibarra con la visita a las oficinas de la Instituci\u00f3n y, posteriormente, acudi\u00f3 a la Pontificia Universidad Cat\u00f3lica (PUCE), sede Ibarra, donde fue recibido por la prorrectora, Mar\u00eda Jos\u00e9 Rubio y junto a la directora del consultorio jur\u00eddico gratuito, Mar\u00eda Dolores Espinoza, recorri\u00f3 las instalaciones, intercambi\u00f3 opiniones con los estudiantes que entregan asesor\u00eda legal gratuita y les felicit\u00f3 por la labor que cumplen.<\/p>\n<p>La visita a Imbabura, concluy\u00f3 con la atenci\u00f3n a los medios de comunicaci\u00f3n locales y la visita al punto de atenci\u00f3n de la Defensor\u00eda P\u00fablica en Urcuqu\u00ed, que funciona en la Junta Cantonal de Protecci\u00f3n de Derechos. Ah\u00ed dialog\u00f3 con los funcionarios a quienes les ratific\u00f3 su confianza y respaldo.<\/p>\n<p>El 23 de noviembre, el Defensor P\u00fablico General, Dr. \u00c1ngel Torres Machuca, arrib\u00f3 a la provincia del Carchi y acompa\u00f1ado del defensor p\u00fablico provincial, Edison Aldaz, recorri\u00f3 las oficinas de Tulc\u00e1n, dialog\u00f3 con los funcionarios, constat\u00f3 que la atenci\u00f3n sea de calidad y conoci\u00f3 c\u00f3mo se llevan las causas.<\/p>\n<p>Finalmente, atendi\u00f3 una entrevista en el Canal Nortvision de Tulc\u00e1n, donde explic\u00f3 que \u201cse ha tomado la decisi\u00f3n de recorrer todo el pa\u00eds, acudiendo a todos los puntos de atenci\u00f3n de la Defensor\u00eda P\u00fablica, para conocer las necesidades espec\u00edficas, y as\u00ed fortalecer a la Instituci\u00f3n\u00bb y record\u00f3 que \u00abla misi\u00f3n de la Defensor\u00eda P\u00fablica es brindar patrocinio legal a las personas que se encuentran en estado de indefensi\u00f3n, y que no cuentan con los recursos econ\u00f3micos para contratar los servicios de defensa\u00bb.<\/p>\n<audio class=\"wp-audio-shortcode\" id=\"audio-1386-1\" preload=\"none\" style=\"width: 100%;\" controls=\"controls\"><source type=\"audio\/mpeg\" src=\"https:\/\/www.defensoria.gob.ec\/wp-content\/uploads\/2018\/11\/carchi.mp3?_=1\" \/><a href=\"https:\/\/www.defensoria.gob.ec\/wp-content\/uploads\/2018\/11\/carchi.mp3\">https:\/\/www.defensoria.gob.ec\/wp-content\/uploads\/2018\/11\/carchi.mp3<\/a><\/audio>\n<p>Para los pr\u00f3ximos 27 y 28 de noviembre, el Dr. Torres Machuca cumplir\u00e1 una agenda en Santo Domingo y Esmeraldas respectivamente.<\/p>\n<p>B394-2018<br \/>\n27-noviembre-2018<\/p>\n<p>&nbsp;<\/p>\n<p>[\/et_pb_text][et_pb_gallery _builder_version=\u00bb3.15&#8243; gallery_ids=\u00bb1387,1388,1389,1390,1391,1392,1393,1394,1395,1396,1397,1398,1399,1400,1401&#8243; zoom_icon_color=\u00bb#00a3c1&#8243; hover_overlay_color=\u00bbrgba(255,255,255,0.9)\u00bb posts_number=\u00bb3&#8243; \/][\/et_pb_column][et_pb_column type=\u00bb1_4&#8243;][et_pb_sidebar _builder_version=\u00bb3.15&#8243; area=\u00bbsidebar-1&#8243; \/][\/et_pb_column][\/et_pb_row][\/et_pb_section]<\/p>\n","protected":false},"excerpt":{"rendered":"<p><div class=\"et_pb_row et_pb_row_0 et_pb_row_empty\">\n\t\t\t\t\n\t\t\t\t\n\t\t\t\t\n\t\t\t\t\n\t\t\t\t\n\t\t\t<\/div> El Defensor P\u00fablico General. Dr. \u00c1ngel Torres Machuca, visit\u00f3 los puntos de atenci\u00f3n de las provincias de Imbabura y Carchi, entre el 22 y 23 de noviembre. El recorrido [&hellip;]<\/p>\n","protected":false},"author":1,"featured_media":1402,"comment_status":"open","ping_status":"closed","template":"","meta":{"_et_pb_use_builder":"on","_et_pb_old_content":"","_et_gb_content_width":"","footnotes":""},"project_category":[5],"project_tag":[],"class_list":["post-1386","project","type-project","status-publish","has-post-thumbnail","hentry","project_category-noticias"],"_links":{"self":[{"href":"https:\/\/www.defensoria.gob.ec\/index.php?rest_route=\/wp\/v2\/project\/1386","targetHints":{"allow":["GET"]}}],"collection":[{"href":"https:\/\/www.defensoria.gob.ec\/index.php?rest_route=\/wp\/v2\/project"}],"about":[{"href":"https:\/\/www.defensoria.gob.ec\/index.php?rest_route=\/wp\/v2\/types\/project"}],"author":[{"embeddable":true,"href":"https:\/\/www.defensoria.gob.ec\/index.php?rest_route=\/wp\/v2\/users\/1"}],"replies":[{"embeddable":true,"href":"https:\/\/www.defensoria.gob.ec\/index.php?rest_route=%2Fwp%2Fv2%2Fcomments&post=1386"}],"version-history":[{"count":0,"href":"https:\/\/www.defensoria.gob.ec\/index.php?rest_route=\/wp\/v2\/project\/1386\/revisions"}],"wp:featuredmedia":[{"embeddable":true,"href":"https:\/\/www.defensoria.gob.ec\/index.php?rest_route=\/wp\/v2\/media\/1402"}],"wp:attachment":[{"href":"https:\/\/www.defensoria.gob.ec\/index.php?rest_route=%2Fwp%2Fv2%2Fmedia&parent=1386"}],"wp:term":[{"taxonomy":"project_category","embeddable":true,"href":"https:\/\/www.defensoria.gob.ec\/index.php?rest_route=%2Fwp%2Fv2%2Fproject_category&post=1386"},{"taxonomy":"project_tag","embeddable":true,"href":"https:\/\/www.defensoria.gob.ec\/index.php?rest_route=%2Fwp%2Fv2%2Fproject_tag&post=1386"}],"curies":[{"name":"wp","href":"https:\/\/api.w.org\/{rel}","templated":true}]}}