{"id":1333,"date":"2018-11-22T15:27:16","date_gmt":"2018-11-22T15:27:16","guid":{"rendered":"https:\/\/www.defensoria.gob.ec\/?post_type=project&#038;p=1333"},"modified":"2018-11-22T16:26:08","modified_gmt":"2018-11-22T16:26:08","slug":"napo-privados-de-la-libertad-del-crs-de-archidona-recibieron-asesoria-legal","status":"publish","type":"project","link":"https:\/\/www.defensoria.gob.ec\/?project=napo-privados-de-la-libertad-del-crs-de-archidona-recibieron-asesoria-legal","title":{"rendered":"Napo: privados de la libertad del CRS de Archidona recibieron asesor\u00eda legal"},"content":{"rendered":"<p>[et_pb_section bb_built=\u00bb1&#8243;][et_pb_row][et_pb_column type=\u00bb3_4&#8243;][et_pb_post_title _builder_version=\u00bb3.15&#8243; meta=\u00bboff\u00bb featured_image=\u00bboff\u00bb \/][et_pb_text _builder_version=\u00bb3.15&#8243; text_orientation=\u00bbjustified\u00bb]<\/p>\n<p>El defensor p\u00fablico provincial del Napo, \u00c1lvaro Morej\u00f3n,\u00a0acudi\u00f3, el\u00a014 de noviembre, al consultorio jur\u00eddico gratuito de la Universidad Cat\u00f3lica de Cuenca, sede Tena, para analizar la atenci\u00f3n que entregan a los usuarios y conocer los temas m\u00e1s frecuentes que se tramitan.<\/p>\n<p>De igual manera, el\u00a015 de noviembre, un equipo de la Defensor\u00eda P\u00fablica del Napo entreg\u00f3 asesor\u00eda legal a las personas privadas de la libertad del Centro de Privaci\u00f3n de Libertad de Personas Adultas en Conflicto con la Ley, de Archidona.<\/p>\n<audio class=\"wp-audio-shortcode\" id=\"audio-1333-1\" preload=\"none\" style=\"width: 100%;\" controls=\"controls\"><source type=\"audio\/mpeg\" src=\"https:\/\/www.defensoria.gob.ec\/wp-content\/uploads\/2018\/11\/napo.mp3?_=1\" \/><a href=\"https:\/\/www.defensoria.gob.ec\/wp-content\/uploads\/2018\/11\/napo.mp3\">https:\/\/www.defensoria.gob.ec\/wp-content\/uploads\/2018\/11\/napo.mp3<\/a><\/audio>\n<p>[\/et_pb_text][et_pb_gallery _builder_version=\u00bb3.15&#8243; gallery_ids=\u00bb1335,1343,1344,1345&#8243; posts_number=\u00bb3&#8243; zoom_icon_color=\u00bb#00a3c1&#8243; hover_overlay_color=\u00bbrgba(255,255,255,0.9)\u00bb \/][\/et_pb_column][et_pb_column type=\u00bb1_4&#8243;][et_pb_sidebar _builder_version=\u00bb3.15&#8243; area=\u00bbsidebar-1&#8243; \/][\/et_pb_column][\/et_pb_row][\/et_pb_section]<\/p>\n","protected":false},"excerpt":{"rendered":"<p><div class=\"et_pb_row et_pb_row_0 et_pb_row_empty\">\n\t\t\t\t\n\t\t\t\t\n\t\t\t\t\n\t\t\t\t\n\t\t\t\t\n\t\t\t<\/div> El defensor p\u00fablico provincial del Napo, \u00c1lvaro Morej\u00f3n,\u00a0acudi\u00f3, el\u00a014 de noviembre, al consultorio jur\u00eddico gratuito de la Universidad Cat\u00f3lica de Cuenca, sede Tena, para analizar la atenci\u00f3n que entregan [&hellip;]<\/p>\n","protected":false},"author":1,"featured_media":1343,"comment_status":"open","ping_status":"closed","template":"","meta":{"_et_pb_use_builder":"on","_et_pb_old_content":"","_et_gb_content_width":"","footnotes":""},"project_category":[8],"project_tag":[],"class_list":["post-1333","project","type-project","status-publish","has-post-thumbnail","hentry","project_category-cerca-a-ti"],"_links":{"self":[{"href":"https:\/\/www.defensoria.gob.ec\/index.php?rest_route=\/wp\/v2\/project\/1333","targetHints":{"allow":["GET"]}}],"collection":[{"href":"https:\/\/www.defensoria.gob.ec\/index.php?rest_route=\/wp\/v2\/project"}],"about":[{"href":"https:\/\/www.defensoria.gob.ec\/index.php?rest_route=\/wp\/v2\/types\/project"}],"author":[{"embeddable":true,"href":"https:\/\/www.defensoria.gob.ec\/index.php?rest_route=\/wp\/v2\/users\/1"}],"replies":[{"embeddable":true,"href":"https:\/\/www.defensoria.gob.ec\/index.php?rest_route=%2Fwp%2Fv2%2Fcomments&post=1333"}],"version-history":[{"count":0,"href":"https:\/\/www.defensoria.gob.ec\/index.php?rest_route=\/wp\/v2\/project\/1333\/revisions"}],"wp:featuredmedia":[{"embeddable":true,"href":"https:\/\/www.defensoria.gob.ec\/index.php?rest_route=\/wp\/v2\/media\/1343"}],"wp:attachment":[{"href":"https:\/\/www.defensoria.gob.ec\/index.php?rest_route=%2Fwp%2Fv2%2Fmedia&parent=1333"}],"wp:term":[{"taxonomy":"project_category","embeddable":true,"href":"https:\/\/www.defensoria.gob.ec\/index.php?rest_route=%2Fwp%2Fv2%2Fproject_category&post=1333"},{"taxonomy":"project_tag","embeddable":true,"href":"https:\/\/www.defensoria.gob.ec\/index.php?rest_route=%2Fwp%2Fv2%2Fproject_tag&post=1333"}],"curies":[{"name":"wp","href":"https:\/\/api.w.org\/{rel}","templated":true}]}}