{"id":1319,"date":"2018-11-22T15:19:21","date_gmt":"2018-11-22T15:19:21","guid":{"rendered":"https:\/\/www.defensoria.gob.ec\/?post_type=project&#038;p=1319"},"modified":"2018-11-23T16:40:32","modified_gmt":"2018-11-23T16:40:32","slug":"santa-elena-realizo-difusiones-de-servicios","status":"publish","type":"project","link":"https:\/\/www.defensoria.gob.ec\/?project=santa-elena-realizo-difusiones-de-servicios","title":{"rendered":"Santa Elena: realiz\u00f3 difusiones de servicios"},"content":{"rendered":"<p>[et_pb_section bb_built=\u00bb1&#8243;][et_pb_row][et_pb_column type=\u00bb3_4&#8243;][et_pb_post_title _builder_version=\u00bb3.15&#8243; meta=\u00bboff\u00bb featured_image=\u00bboff\u00bb \/][et_pb_text _builder_version=\u00bb3.15&#8243; text_orientation=\u00bbjustified\u00bb]<\/p>\n<p>El defensor p\u00fablico provincial de Santa Elena, Jos\u00e9 Ram\u00edrez, y los defensores p\u00fablicos, Diana Alvarado y Galo Medina, realizaron, el 15 de noviembre, una difusi\u00f3n de servicios en el Malec\u00f3n del cant\u00f3n Libertad y atendieron las inquietudes de la ciudadan\u00eda en temas relacionados: violencia intrafamiliar,&nbsp;violencia de g\u00e9nero, ni\u00f1ez y&nbsp;adolescencia.<\/p>\n<p>Mientras tanto, el&nbsp;13 de noviembre, la Defensor\u00eda P\u00fablica de Santa Elena particip\u00f3 en la marcha por la no violencia de g\u00e9nero, que inici\u00f3 en el cerro El Tablazo y que cont\u00f3 con la presencia de las autoridades locales.<\/p>\n<p>As\u00ed mismo, el&nbsp;12 de noviembre&nbsp;el defensor p\u00fablico provincial de Santa Elena, Jos\u00e9 Ram\u00edrez, asisti\u00f3 a una reuni\u00f3n en el Consejo de la Judicatura, donde se analiz\u00f3 el tema de medidas cautelares, en el \u00e1rea de alimentos; y, se acord\u00f3 una jornada de capacitaci\u00f3n a los defensores p\u00fablicos por parte de la Judicatura.<\/p>\n<p>De otra parte, el&nbsp;10 de noviembre&nbsp;se realiz\u00f3 una reuni\u00f3n de coordinaci\u00f3n con el Comando de la Polic\u00eda Nacional,&nbsp;&nbsp;para la realizaci\u00f3n del evento de la no violencia contra las mujeres, previsto para&nbsp;&nbsp;el&nbsp;30 de noviembre&nbsp;pr\u00f3ximo.<\/p>\n<p>Finalmente, el&nbsp;8 de noviembre&nbsp;la Defensor\u00eda P\u00fablica de Santa Elena fue parte de la segunda reuni\u00f3n de la Mesa Territorial convocada por la Direcci\u00f3n Distrital de Educaci\u00f3n donde se analiz\u00f3 el tema de delitos sexuales en planteles educativos y se acord\u00f3 facilitar el&nbsp;&nbsp;seguimiento de los casos existentes.<\/p>\n<p>[\/et_pb_text][et_pb_gallery _builder_version=\u00bb3.15&#8243; gallery_ids=\u00bb1320,1321,1322,1323&#8243; posts_number=\u00bb3&#8243; zoom_icon_color=\u00bb#00a3c1&#8243; hover_overlay_color=\u00bbrgba(255,255,255,0.9)\u00bb \/][\/et_pb_column][et_pb_column type=\u00bb1_4&#8243;][et_pb_sidebar _builder_version=\u00bb3.15&#8243; area=\u00bbsidebar-1&#8243; \/][\/et_pb_column][\/et_pb_row][\/et_pb_section]<\/p>\n","protected":false},"excerpt":{"rendered":"<p><div class=\"et_pb_row et_pb_row_0 et_pb_row_empty\">\n\t\t\t\t\n\t\t\t\t\n\t\t\t\t\n\t\t\t\t\n\t\t\t\t\n\t\t\t<\/div> El defensor p\u00fablico provincial de Santa Elena, Jos\u00e9 Ram\u00edrez, y los defensores p\u00fablicos, Diana Alvarado y Galo Medina, realizaron, el 15 de noviembre, una difusi\u00f3n de servicios en el [&hellip;]<\/p>\n","protected":false},"author":1,"featured_media":1320,"comment_status":"open","ping_status":"closed","template":"","meta":{"_et_pb_use_builder":"on","_et_pb_old_content":"","_et_gb_content_width":"","footnotes":""},"project_category":[8],"project_tag":[],"class_list":["post-1319","project","type-project","status-publish","has-post-thumbnail","hentry","project_category-cerca-a-ti"],"_links":{"self":[{"href":"https:\/\/www.defensoria.gob.ec\/index.php?rest_route=\/wp\/v2\/project\/1319","targetHints":{"allow":["GET"]}}],"collection":[{"href":"https:\/\/www.defensoria.gob.ec\/index.php?rest_route=\/wp\/v2\/project"}],"about":[{"href":"https:\/\/www.defensoria.gob.ec\/index.php?rest_route=\/wp\/v2\/types\/project"}],"author":[{"embeddable":true,"href":"https:\/\/www.defensoria.gob.ec\/index.php?rest_route=\/wp\/v2\/users\/1"}],"replies":[{"embeddable":true,"href":"https:\/\/www.defensoria.gob.ec\/index.php?rest_route=%2Fwp%2Fv2%2Fcomments&post=1319"}],"version-history":[{"count":0,"href":"https:\/\/www.defensoria.gob.ec\/index.php?rest_route=\/wp\/v2\/project\/1319\/revisions"}],"wp:featuredmedia":[{"embeddable":true,"href":"https:\/\/www.defensoria.gob.ec\/index.php?rest_route=\/wp\/v2\/media\/1320"}],"wp:attachment":[{"href":"https:\/\/www.defensoria.gob.ec\/index.php?rest_route=%2Fwp%2Fv2%2Fmedia&parent=1319"}],"wp:term":[{"taxonomy":"project_category","embeddable":true,"href":"https:\/\/www.defensoria.gob.ec\/index.php?rest_route=%2Fwp%2Fv2%2Fproject_category&post=1319"},{"taxonomy":"project_tag","embeddable":true,"href":"https:\/\/www.defensoria.gob.ec\/index.php?rest_route=%2Fwp%2Fv2%2Fproject_tag&post=1319"}],"curies":[{"name":"wp","href":"https:\/\/api.w.org\/{rel}","templated":true}]}}