{"id":1295,"date":"2018-11-20T22:26:01","date_gmt":"2018-11-20T22:26:01","guid":{"rendered":"https:\/\/www.defensoria.gob.ec\/?post_type=project&#038;p=1295"},"modified":"2018-11-20T22:26:37","modified_gmt":"2018-11-20T22:26:37","slug":"guayas-se-realizaron-charlas-preventivas-en-planteles-educativos","status":"publish","type":"project","link":"https:\/\/www.defensoria.gob.ec\/?project=guayas-se-realizaron-charlas-preventivas-en-planteles-educativos","title":{"rendered":"Guayas: se realizaron charlas preventivas en planteles educativos"},"content":{"rendered":"<p>[et_pb_section bb_built=\u00bb1&#8243;][et_pb_row][et_pb_column type=\u00bb3_4&#8243;][et_pb_post_title _builder_version=\u00bb3.15&#8243; meta=\u00bboff\u00bb featured_image=\u00bboff\u00bb \/][et_pb_text _builder_version=\u00bb3.15&#8243; text_orientation=\u00bbjustified\u00bb]<\/p>\n<p>Dos charlas se desarrollaron en la provincia del Guayas el\u00a016 de noviembre. La primera estuvo a cargo de la jefa del \u00e1rea de v\u00edctimas de la Defensor\u00eda P\u00fablica,\u00a0\u00a0Jhael Zambrano, en la Unidad Educativa Vida Nueva, en la que participaron 40 estudiantes de tercero de bachillerato.<\/p>\n<p>La segunda charla se realiz\u00f3 en la Escuela de Educaci\u00f3n B\u00e1sica Dr. Euclides Arturo Masson,\u00a0con la presencia de 180 alumnos, 40 padres de familia y 26 educadores. El encuentro estuvo a cargo\u00a0de\u00a0las abogadas del \u00e1rea de v\u00edctimas Ivonne Sumba\u00a0y Ver\u00f3nica Villamar.<\/p>\n<p>Las charlas son un compromiso de orientaci\u00f3n a la comunidad educativa a fin de que conozcan la problem\u00e1tica social que viven ni\u00f1os,\u00a0ni\u00f1as y\u00a0adolescentes; as\u00ed como para prevenir que se registren casos\u00a0de violencia de g\u00e9nero, violencia psicol\u00f3gica, estupro,\u00a0abuso o acoso sexual.<\/p>\n<p>As\u00ed mismo, en la Unidad Educativa C\u00e9sar Borja Lavayen de Guayaquil, el\u00a012 de noviembre, el defensor p\u00fablico del \u00e1rea de v\u00edctimas, Rolando Nu\u00f1ez, dict\u00f3 una charla sobre violencia intrafamiliar, acoso, estupro, violencia sexual; y, mal uso de las redes sociales a la que se exponen los adolescentes.<\/p>\n<p>A la charla, desarrollada en el patio\u00a0del plantel educativo, asistieron alrededor de 220 alumnos, 70 padres de familia y 20 profesores.<\/p>\n<p>[\/et_pb_text][et_pb_gallery _builder_version=\u00bb3.15&#8243; gallery_ids=\u00bb1296,1297&#8243; posts_number=\u00bb3&#8243; zoom_icon_color=\u00bb#00a3c1&#8243; hover_overlay_color=\u00bbrgba(255,255,255,0.9)\u00bb \/][\/et_pb_column][et_pb_column type=\u00bb1_4&#8243;][et_pb_sidebar _builder_version=\u00bb3.15&#8243; area=\u00bbsidebar-1&#8243; \/][\/et_pb_column][\/et_pb_row][\/et_pb_section]<\/p>\n","protected":false},"excerpt":{"rendered":"<p><div class=\"et_pb_row et_pb_row_0 et_pb_row_empty\">\n\t\t\t\t\n\t\t\t\t\n\t\t\t\t\n\t\t\t\t\n\t\t\t\t\n\t\t\t<\/div> Dos charlas se desarrollaron en la provincia del Guayas el\u00a016 de noviembre. La primera estuvo a cargo de la jefa del \u00e1rea de v\u00edctimas de la Defensor\u00eda P\u00fablica,\u00a0\u00a0Jhael Zambrano, [&hellip;]<\/p>\n","protected":false},"author":1,"featured_media":1296,"comment_status":"open","ping_status":"closed","template":"","meta":{"_et_pb_use_builder":"on","_et_pb_old_content":"","_et_gb_content_width":"","footnotes":""},"project_category":[8],"project_tag":[],"class_list":["post-1295","project","type-project","status-publish","has-post-thumbnail","hentry","project_category-cerca-a-ti"],"_links":{"self":[{"href":"https:\/\/www.defensoria.gob.ec\/index.php?rest_route=\/wp\/v2\/project\/1295","targetHints":{"allow":["GET"]}}],"collection":[{"href":"https:\/\/www.defensoria.gob.ec\/index.php?rest_route=\/wp\/v2\/project"}],"about":[{"href":"https:\/\/www.defensoria.gob.ec\/index.php?rest_route=\/wp\/v2\/types\/project"}],"author":[{"embeddable":true,"href":"https:\/\/www.defensoria.gob.ec\/index.php?rest_route=\/wp\/v2\/users\/1"}],"replies":[{"embeddable":true,"href":"https:\/\/www.defensoria.gob.ec\/index.php?rest_route=%2Fwp%2Fv2%2Fcomments&post=1295"}],"version-history":[{"count":0,"href":"https:\/\/www.defensoria.gob.ec\/index.php?rest_route=\/wp\/v2\/project\/1295\/revisions"}],"wp:featuredmedia":[{"embeddable":true,"href":"https:\/\/www.defensoria.gob.ec\/index.php?rest_route=\/wp\/v2\/media\/1296"}],"wp:attachment":[{"href":"https:\/\/www.defensoria.gob.ec\/index.php?rest_route=%2Fwp%2Fv2%2Fmedia&parent=1295"}],"wp:term":[{"taxonomy":"project_category","embeddable":true,"href":"https:\/\/www.defensoria.gob.ec\/index.php?rest_route=%2Fwp%2Fv2%2Fproject_category&post=1295"},{"taxonomy":"project_tag","embeddable":true,"href":"https:\/\/www.defensoria.gob.ec\/index.php?rest_route=%2Fwp%2Fv2%2Fproject_tag&post=1295"}],"curies":[{"name":"wp","href":"https:\/\/api.w.org\/{rel}","templated":true}]}}